{"id":970,"date":"2021-06-15T23:13:43","date_gmt":"2021-06-15T23:13:43","guid":{"rendered":"https:\/\/movingpeakes.com\/project\/illana-jamie-3\/"},"modified":"2026-02-09T13:59:13","modified_gmt":"2026-02-09T13:59:13","slug":"mallorca-in-love","status":"publish","type":"project","link":"https:\/\/movingpeakes.com\/en\/project\/mallorca-in-love\/","title":{"rendered":"Mallorca in Love"},"content":{"rendered":"<div class=\"wpb-content-wrapper\"><p>[vc_row unlock_row_content=&#8221;yes&#8221; row_height_percent=&#8221;0&#8243; override_padding=&#8221;yes&#8221; h_padding=&#8221;0&#8243; top_padding=&#8221;0&#8243; bottom_padding=&#8221;0&#8243; overlay_alpha=&#8221;50&#8243; gutter_size=&#8221;3&#8243; column_width_percent=&#8221;100&#8243; shift_y=&#8221;0&#8243; z_index=&#8221;0&#8243; uncode_shortcode_id=&#8221;142664&#8243;][vc_column][vc_single_image media=&#8221;1438&#8243; media_width_percent=&#8221;100&#8243; uncode_shortcode_id=&#8221;168983&#8243;][\/vc_column][\/vc_row][vc_row][vc_column width=&#8221;1\/6&#8243;][vc_column_text uncode_shortcode_id=&#8221;880896&#8243;]<\/p>\n<dl>\n<dt>\n<dl>\n<dt>Lugar<\/dt>\n<dd>Hotel Es Mol\u00ed, Mallorca<\/dd>\n<\/dl>\n<\/dt>\n<\/dl>\n<p>[\/vc_column_text][\/vc_column][vc_column width=&#8221;1\/6&#8243;][vc_column_text uncode_shortcode_id=&#8221;852335&#8243;]<\/p>\n<dl>\n<dt>\n<dl>\n<dt>C\u00e1mara<\/dt>\n<dd>George Peake<\/dd>\n<\/dl>\n<\/dt>\n<\/dl>\n<p>[\/vc_column_text][\/vc_column][vc_column width=&#8221;1\/6&#8243;][vc_column_text uncode_shortcode_id=&#8221;141477&#8243;]<\/p>\n<dl>\n<dt>Edici\u00f3n<\/dt>\n<dd>George Peake<\/dd>\n<\/dl>\n<dl>\n<dd><\/dd>\n<\/dl>\n<p>[\/vc_column_text][\/vc_column][vc_column width=&#8221;1\/6&#8243;][vc_column_text uncode_shortcode_id=&#8221;170517&#8243;]<\/p>\n<dl>\n<dt>Fotograf\u00eda<\/dt>\n<dd><a href=\"https:\/\/www.alejandrocrespi.com\">Alejandro Cresp\u00ed<\/a><\/dd>\n<\/dl>\n<dl>\n<dd><\/dd>\n<\/dl>\n<p>[\/vc_column_text][\/vc_column][vc_column width=&#8221;1\/6&#8243;][vc_column_text uncode_shortcode_id=&#8221;113894&#8243;]<\/p>\n<dl>\n<dt>Wedding Planner<\/dt>\n<dd><a href=\"https:\/\/chillmeout.com\">Chill me out<\/a><\/dd>\n<\/dl>\n<dl>\n<dd><\/dd>\n<\/dl>\n<p>[\/vc_column_text][\/vc_column][vc_column column_width_percent=&#8221;100&#8243; gutter_size=&#8221;3&#8243; overlay_alpha=&#8221;50&#8243; shift_x=&#8221;0&#8243; shift_y=&#8221;0&#8243; shift_y_down=&#8221;0&#8243; z_index=&#8221;0&#8243; medium_width=&#8221;0&#8243; mobile_width=&#8221;0&#8243; width=&#8221;1\/6&#8243; uncode_shortcode_id=&#8221;739795&#8243;][vc_column_text uncode_shortcode_id=&#8221;117520&#8243;]<\/p>\n<dl>\n<dt>\n<dl>\n<dt>Dron<\/dt>\n<dd><a href=\"https:\/\/droncompany.com\/\">Jordi Company<\/a><\/dd>\n<\/dl>\n<\/dt>\n<\/dl>\n<p>[\/vc_column_text][\/vc_column][\/vc_row][vc_row row_height_percent=&#8221;0&#8243; overlay_alpha=&#8221;50&#8243; gutter_size=&#8221;3&#8243; column_width_percent=&#8221;100&#8243; shift_y=&#8221;0&#8243; z_index=&#8221;0&#8243; uncode_shortcode_id=&#8221;160272&#8243;][vc_column width=&#8221;1\/2&#8243;][vc_single_image media=&#8221;1444&#8243; media_width_percent=&#8221;100&#8243; media_ratio=&#8221;two-one&#8221; shape=&#8221;img-round&#8221; uncode_shortcode_id=&#8221;755093&#8243;][\/vc_column][vc_column width=&#8221;1\/2&#8243;][vc_single_image media=&#8221;1442&#8243; media_width_percent=&#8221;100&#8243; media_ratio=&#8221;two-one&#8221; shape=&#8221;img-round&#8221; uncode_shortcode_id=&#8221;189085&#8243;][\/vc_column][\/vc_row][vc_row row_height_percent=&#8221;0&#8243; override_padding=&#8221;yes&#8221; h_padding=&#8221;2&#8243; top_padding=&#8221;3&#8243; bottom_padding=&#8221;3&#8243; back_color=&#8221;color-lxmt&#8221; overlay_alpha=&#8221;100&#8243; gutter_size=&#8221;3&#8243; column_width_percent=&#8221;100&#8243; border_color=&#8221;color-gyho&#8221; border_style=&#8221;solid&#8221; shift_y=&#8221;0&#8243; z_index=&#8221;0&#8243; row_height_use_pixel=&#8221;&#8221; uncode_shortcode_id=&#8221;961311&#8243; back_color_type=&#8221;uncode-palette&#8221; css=&#8221;.vc_custom_1669838391344{border-top-width: 1px !important;}&#8221; border_color_type=&#8221;uncode-palette&#8221;][vc_column column_width_use_pixel=&#8221;yes&#8221; gutter_size=&#8221;3&#8243; overlay_alpha=&#8221;50&#8243; shift_x=&#8221;0&#8243; shift_y=&#8221;0&#8243; medium_width=&#8221;0&#8243; zoom_width=&#8221;0&#8243; zoom_height=&#8221;0&#8243; column_width_pixel=&#8221;800&#8243;][vc_custom_heading uncode_shortcode_id=&#8221;797260&#8243;]Ayako &amp; Ben[\/vc_custom_heading][vc_column_text uncode_shortcode_id=&#8221;176675&#8243;]<strong>Un d\u00eda inolvidable en Hotel Cap Rocat.<\/strong><\/p>\n<p>Ayako &amp; Ben realizaron su video en el mes de Setiembre en un d\u00eda fabuloso en Hotel Cap Rocat, Mallorca, con cerca de 100 invitados, todos vestidos con la marca Tal y Cual. Los ni\u00f1os disfrutaron de una tarde fant\u00e1stica correteando entre los invitados y pudimos captar unas im\u00e1genes geniales del vestido de la novia. \u00a1No se pierdan c\u00f3mo qued\u00f3 el banquete de bodas![\/vc_column_text][\/vc_column][\/vc_row][vc_row row_height_percent=&#8221;0&#8243; override_padding=&#8221;yes&#8221; h_padding=&#8221;2&#8243; top_padding=&#8221;0&#8243; bottom_padding=&#8221;0&#8243; back_color=&#8221;color-lxmt&#8221; overlay_alpha=&#8221;100&#8243; gutter_size=&#8221;3&#8243; column_width_percent=&#8221;100&#8243; shift_y=&#8221;0&#8243; z_index=&#8221;0&#8243; row_height_use_pixel=&#8221;&#8221; uncode_shortcode_id=&#8221;202247&#8243; back_color_type=&#8221;uncode-palette&#8221;][vc_column column_width_use_pixel=&#8221;yes&#8221; gutter_size=&#8221;3&#8243; overlay_alpha=&#8221;50&#8243; shift_x=&#8221;0&#8243; shift_y=&#8221;0&#8243; medium_width=&#8221;0&#8243; zoom_width=&#8221;0&#8243; zoom_height=&#8221;0&#8243; width=&#8221;5\/6&#8243;][vc_single_image media=&#8221;1440&#8243; media_width_percent=&#8221;100&#8243; media_ratio=&#8221;three-two&#8221; shape=&#8221;img-round&#8221; media_title_uppercase=&#8221;&#8221; uncode_shortcode_id=&#8221;567652&#8243;][\/vc_column][vc_column column_width_percent=&#8221;100&#8243; gutter_size=&#8221;3&#8243; overlay_alpha=&#8221;50&#8243; shift_x=&#8221;0&#8243; shift_y=&#8221;0&#8243; medium_width=&#8221;0&#8243; zoom_width=&#8221;0&#8243; zoom_height=&#8221;0&#8243; width=&#8221;1\/6&#8243;][vc_column_text uncode_shortcode_id=&#8221;185754&#8243;]Ayako pudo lucir su espectacular diadema entre los m\u00e1s de 100 invitados.[\/vc_column_text][\/vc_column][\/vc_row][vc_row row_height_percent=&#8221;0&#8243; override_padding=&#8221;yes&#8221; h_padding=&#8221;2&#8243; top_padding=&#8221;3&#8243; bottom_padding=&#8221;3&#8243; back_color=&#8221;color-lxmt&#8221; overlay_alpha=&#8221;100&#8243; gutter_size=&#8221;3&#8243; column_width_percent=&#8221;100&#8243; border_color=&#8221;color-gyho&#8221; border_style=&#8221;solid&#8221; shift_y=&#8221;0&#8243; z_index=&#8221;0&#8243; row_height_use_pixel=&#8221;&#8221; uncode_shortcode_id=&#8221;738527&#8243; back_color_type=&#8221;uncode-palette&#8221; css=&#8221;.vc_custom_1669838411907{border-bottom-width: 1px !important;}&#8221; border_color_type=&#8221;uncode-palette&#8221;][vc_column column_width_use_pixel=&#8221;yes&#8221; gutter_size=&#8221;3&#8243; overlay_alpha=&#8221;50&#8243; shift_x=&#8221;0&#8243; shift_y=&#8221;0&#8243; medium_width=&#8221;0&#8243; zoom_width=&#8221;0&#8243; zoom_height=&#8221;0&#8243; column_width_pixel=&#8221;800&#8243;][vc_column_text uncode_shortcode_id=&#8221;169079&#8243;]La boda fue preparada por Majorca Weddings que se encarg\u00f3 de dise\u00f1ar el espacio, los men\u00fas, las carta de invitaci\u00f3n, la tipograf\u00eda, y toda la decoraci\u00f3n del evento. George y Joseba se encargaron de la fotograf\u00eda en este emplazamiento espectacular de la Isla.[\/vc_column_text][\/vc_column][\/vc_row]<\/p>\n<\/div>","protected":false},"excerpt":{"rendered":"<p>[vc_row unlock_row_content=&#8221;yes&#8221; row_height_percent=&#8221;0&#8243; override_padding=&#8221;yes&#8221; h_padding=&#8221;0&#8243; top_padding=&#8221;0&#8243; bottom_padding=&#8221;0&#8243; overlay_alpha=&#8221;50&#8243; gutter_size=&#8221;3&#8243; column_width_percent=&#8221;100&#8243; shift_y=&#8221;0&#8243; z_index=&#8221;0&#8243; uncode_shortcode_id=&#8221;142664&#8243;][vc_column][vc_single_image media=&#8221;1438&#8243; media_width_percent=&#8221;100&#8243; uncode_shortcode_id=&#8221;168983&#8243;][\/vc_column][\/vc_row][vc_row][vc_column width=&#8221;1\/6&#8243;][vc_column_text uncode_shortcode_id=&#8221;880896&#8243;] Lugar Hotel [&hellip;]<\/p>\n","protected":false},"author":3,"featured_media":1149,"comment_status":"open","ping_status":"closed","template":"","meta":{"footnotes":""},"categories":[35],"project_category":[14,15],"class_list":["post-970","project","type-project","status-publish","has-post-thumbnail","hentry","category-weddings","project_category-weddings","project_category-recomendados-en"],"yoast_head":"<!-- This site is optimized with the Yoast SEO plugin v20.7 - https:\/\/yoast.com\/wordpress\/plugins\/seo\/ -->\n<title>Mallorca in Love &bull; Moving Peakes<\/title>\n<meta name=\"robots\" content=\"index, follow, max-snippet:-1, max-image-preview:large, max-video-preview:-1\" \/>\n<link rel=\"canonical\" href=\"https:\/\/movingpeakes.com\/en\/project\/mallorca-in-love\/\" \/>\n<meta property=\"og:locale\" content=\"en_US\" \/>\n<meta property=\"og:type\" content=\"article\" \/>\n<meta property=\"og:title\" content=\"Mallorca in Love &bull; Moving Peakes\" \/>\n<meta property=\"og:description\" content=\"[vc_row unlock_row_content=&#8221;yes&#8221; row_height_percent=&#8221;0&#8243; override_padding=&#8221;yes&#8221; h_padding=&#8221;0&#8243; top_padding=&#8221;0&#8243; bottom_padding=&#8221;0&#8243; overlay_alpha=&#8221;50&#8243; gutter_size=&#8221;3&#8243; column_width_percent=&#8221;100&#8243; shift_y=&#8221;0&#8243; z_index=&#8221;0&#8243; uncode_shortcode_id=&#8221;142664&#8243;][vc_column][vc_single_image media=&#8221;1438&#8243; media_width_percent=&#8221;100&#8243; uncode_shortcode_id=&#8221;168983&#8243;][\/vc_column][\/vc_row][vc_row][vc_column width=&#8221;1\/6&#8243;][vc_column_text uncode_shortcode_id=&#8221;880896&#8243;] Lugar Hotel [&hellip;]\" \/>\n<meta property=\"og:url\" content=\"https:\/\/movingpeakes.com\/en\/project\/mallorca-in-love\/\" \/>\n<meta property=\"og:site_name\" content=\"Moving Peakes\" \/>\n<meta property=\"article:modified_time\" content=\"2026-02-09T13:59:13+00:00\" \/>\n<meta property=\"og:image\" content=\"https:\/\/movingpeakes.com\/wp-content\/uploads\/2021\/06\/Screenshot-2022-11-26-at-00-26-31-978174594-230b3ced3a7afab87e4a471999c5e4c74a2cd6c3aa9ed2a5edbaa0bfe71ea8ca-d-Imagen-AVIF-900-\u00d7-506-pixeles.png\" \/>\n\t<meta property=\"og:image:width\" content=\"900\" \/>\n\t<meta property=\"og:image:height\" content=\"506\" \/>\n\t<meta property=\"og:image:type\" content=\"image\/png\" \/>\n<meta name=\"twitter:card\" content=\"summary_large_image\" \/>\n<meta name=\"twitter:site\" content=\"@movingpeakes\" \/>\n<meta name=\"twitter:label1\" content=\"Est. reading time\" \/>\n\t<meta name=\"twitter:data1\" content=\"3 minutes\" \/>\n<script type=\"application\/ld+json\" class=\"yoast-schema-graph\">{\"@context\":\"https:\/\/schema.org\",\"@graph\":[{\"@type\":\"WebPage\",\"@id\":\"https:\/\/movingpeakes.com\/en\/project\/mallorca-in-love\/\",\"url\":\"https:\/\/movingpeakes.com\/en\/project\/mallorca-in-love\/\",\"name\":\"Mallorca in Love &bull; Moving Peakes\",\"isPartOf\":{\"@id\":\"https:\/\/movingpeakes.com\/en\/#website\"},\"datePublished\":\"2021-06-15T23:13:43+00:00\",\"dateModified\":\"2026-02-09T13:59:13+00:00\",\"breadcrumb\":{\"@id\":\"https:\/\/movingpeakes.com\/en\/project\/mallorca-in-love\/#breadcrumb\"},\"inLanguage\":\"en-US\",\"potentialAction\":[{\"@type\":\"ReadAction\",\"target\":[\"https:\/\/movingpeakes.com\/en\/project\/mallorca-in-love\/\"]}]},{\"@type\":\"BreadcrumbList\",\"@id\":\"https:\/\/movingpeakes.com\/en\/project\/mallorca-in-love\/#breadcrumb\",\"itemListElement\":[{\"@type\":\"ListItem\",\"position\":1,\"name\":\"Portada\",\"item\":\"https:\/\/movingpeakes.com\/en\/\"},{\"@type\":\"ListItem\",\"position\":2,\"name\":\"Proyectos\",\"item\":\"https:\/\/movingpeakes.com\/en\/project\/\"},{\"@type\":\"ListItem\",\"position\":3,\"name\":\"Mallorca in Love\"}]},{\"@type\":\"WebSite\",\"@id\":\"https:\/\/movingpeakes.com\/en\/#website\",\"url\":\"https:\/\/movingpeakes.com\/en\/\",\"name\":\"Moving Peakes\",\"description\":\"Fotograf\u00eda y Videograf\u00eda de Bodas en Mallorca\",\"publisher\":{\"@id\":\"https:\/\/movingpeakes.com\/en\/#\/schema\/person\/f6c5cf6c9d89fc4607cc67862e11e092\"},\"potentialAction\":[{\"@type\":\"SearchAction\",\"target\":{\"@type\":\"EntryPoint\",\"urlTemplate\":\"https:\/\/movingpeakes.com\/en\/?s={search_term_string}\"},\"query-input\":\"required name=search_term_string\"}],\"inLanguage\":\"en-US\"},{\"@type\":[\"Person\",\"Organization\"],\"@id\":\"https:\/\/movingpeakes.com\/en\/#\/schema\/person\/f6c5cf6c9d89fc4607cc67862e11e092\",\"name\":\"George_Admin\",\"image\":{\"@type\":\"ImageObject\",\"inLanguage\":\"en-US\",\"@id\":\"https:\/\/movingpeakes.com\/en\/#\/schema\/person\/image\/\",\"url\":\"http:\/\/movingpeakes.com\/wp-content\/uploads\/2021\/06\/george-1500x500-1-e1622521750672.jpg\",\"contentUrl\":\"http:\/\/movingpeakes.com\/wp-content\/uploads\/2021\/06\/george-1500x500-1-e1622521750672.jpg\",\"width\":498,\"height\":498,\"caption\":\"George_Admin\"},\"logo\":{\"@id\":\"https:\/\/movingpeakes.com\/en\/#\/schema\/person\/image\/\"}}]}<\/script>\n<!-- \/ Yoast SEO plugin. -->","yoast_head_json":{"title":"Mallorca in Love &bull; Moving Peakes","robots":{"index":"index","follow":"follow","max-snippet":"max-snippet:-1","max-image-preview":"max-image-preview:large","max-video-preview":"max-video-preview:-1"},"canonical":"https:\/\/movingpeakes.com\/en\/project\/mallorca-in-love\/","og_locale":"en_US","og_type":"article","og_title":"Mallorca in Love &bull; Moving Peakes","og_description":"[vc_row unlock_row_content=&#8221;yes&#8221; row_height_percent=&#8221;0&#8243; override_padding=&#8221;yes&#8221; h_padding=&#8221;0&#8243; top_padding=&#8221;0&#8243; bottom_padding=&#8221;0&#8243; overlay_alpha=&#8221;50&#8243; gutter_size=&#8221;3&#8243; column_width_percent=&#8221;100&#8243; shift_y=&#8221;0&#8243; z_index=&#8221;0&#8243; uncode_shortcode_id=&#8221;142664&#8243;][vc_column][vc_single_image media=&#8221;1438&#8243; media_width_percent=&#8221;100&#8243; uncode_shortcode_id=&#8221;168983&#8243;][\/vc_column][\/vc_row][vc_row][vc_column width=&#8221;1\/6&#8243;][vc_column_text uncode_shortcode_id=&#8221;880896&#8243;] Lugar Hotel [&hellip;]","og_url":"https:\/\/movingpeakes.com\/en\/project\/mallorca-in-love\/","og_site_name":"Moving Peakes","article_modified_time":"2026-02-09T13:59:13+00:00","og_image":[{"width":900,"height":506,"url":"https:\/\/movingpeakes.com\/wp-content\/uploads\/2021\/06\/Screenshot-2022-11-26-at-00-26-31-978174594-230b3ced3a7afab87e4a471999c5e4c74a2cd6c3aa9ed2a5edbaa0bfe71ea8ca-d-Imagen-AVIF-900-\u00d7-506-pixeles.png","type":"image\/png"}],"twitter_card":"summary_large_image","twitter_site":"@movingpeakes","twitter_misc":{"Est. reading time":"3 minutes"},"schema":{"@context":"https:\/\/schema.org","@graph":[{"@type":"WebPage","@id":"https:\/\/movingpeakes.com\/en\/project\/mallorca-in-love\/","url":"https:\/\/movingpeakes.com\/en\/project\/mallorca-in-love\/","name":"Mallorca in Love &bull; Moving Peakes","isPartOf":{"@id":"https:\/\/movingpeakes.com\/en\/#website"},"datePublished":"2021-06-15T23:13:43+00:00","dateModified":"2026-02-09T13:59:13+00:00","breadcrumb":{"@id":"https:\/\/movingpeakes.com\/en\/project\/mallorca-in-love\/#breadcrumb"},"inLanguage":"en-US","potentialAction":[{"@type":"ReadAction","target":["https:\/\/movingpeakes.com\/en\/project\/mallorca-in-love\/"]}]},{"@type":"BreadcrumbList","@id":"https:\/\/movingpeakes.com\/en\/project\/mallorca-in-love\/#breadcrumb","itemListElement":[{"@type":"ListItem","position":1,"name":"Portada","item":"https:\/\/movingpeakes.com\/en\/"},{"@type":"ListItem","position":2,"name":"Proyectos","item":"https:\/\/movingpeakes.com\/en\/project\/"},{"@type":"ListItem","position":3,"name":"Mallorca in Love"}]},{"@type":"WebSite","@id":"https:\/\/movingpeakes.com\/en\/#website","url":"https:\/\/movingpeakes.com\/en\/","name":"Moving Peakes","description":"Fotograf\u00eda y Videograf\u00eda de Bodas en Mallorca","publisher":{"@id":"https:\/\/movingpeakes.com\/en\/#\/schema\/person\/f6c5cf6c9d89fc4607cc67862e11e092"},"potentialAction":[{"@type":"SearchAction","target":{"@type":"EntryPoint","urlTemplate":"https:\/\/movingpeakes.com\/en\/?s={search_term_string}"},"query-input":"required name=search_term_string"}],"inLanguage":"en-US"},{"@type":["Person","Organization"],"@id":"https:\/\/movingpeakes.com\/en\/#\/schema\/person\/f6c5cf6c9d89fc4607cc67862e11e092","name":"George_Admin","image":{"@type":"ImageObject","inLanguage":"en-US","@id":"https:\/\/movingpeakes.com\/en\/#\/schema\/person\/image\/","url":"http:\/\/movingpeakes.com\/wp-content\/uploads\/2021\/06\/george-1500x500-1-e1622521750672.jpg","contentUrl":"http:\/\/movingpeakes.com\/wp-content\/uploads\/2021\/06\/george-1500x500-1-e1622521750672.jpg","width":498,"height":498,"caption":"George_Admin"},"logo":{"@id":"https:\/\/movingpeakes.com\/en\/#\/schema\/person\/image\/"}}]}},"_links":{"self":[{"href":"https:\/\/movingpeakes.com\/en\/wp-json\/wp\/v2\/project\/970","targetHints":{"allow":["GET"]}}],"collection":[{"href":"https:\/\/movingpeakes.com\/en\/wp-json\/wp\/v2\/project"}],"about":[{"href":"https:\/\/movingpeakes.com\/en\/wp-json\/wp\/v2\/types\/project"}],"author":[{"embeddable":true,"href":"https:\/\/movingpeakes.com\/en\/wp-json\/wp\/v2\/users\/3"}],"replies":[{"embeddable":true,"href":"https:\/\/movingpeakes.com\/en\/wp-json\/wp\/v2\/comments?post=970"}],"version-history":[{"count":12,"href":"https:\/\/movingpeakes.com\/en\/wp-json\/wp\/v2\/project\/970\/revisions"}],"predecessor-version":[{"id":2223,"href":"https:\/\/movingpeakes.com\/en\/wp-json\/wp\/v2\/project\/970\/revisions\/2223"}],"wp:featuredmedia":[{"embeddable":true,"href":"https:\/\/movingpeakes.com\/en\/wp-json\/wp\/v2\/media\/1149"}],"wp:attachment":[{"href":"https:\/\/movingpeakes.com\/en\/wp-json\/wp\/v2\/media?parent=970"}],"wp:term":[{"taxonomy":"category","embeddable":true,"href":"https:\/\/movingpeakes.com\/en\/wp-json\/wp\/v2\/categories?post=970"},{"taxonomy":"project_category","embeddable":true,"href":"https:\/\/movingpeakes.com\/en\/wp-json\/wp\/v2\/project_category?post=970"}],"curies":[{"name":"wp","href":"https:\/\/api.w.org\/{rel}","templated":true}]}}